{"id":46789,"date":"2024-09-27T16:01:23","date_gmt":"2024-09-27T15:01:23","guid":{"rendered":"https:\/\/eureka-tp.com\/?post_type=product&#038;p=46789"},"modified":"2024-10-25T15:31:53","modified_gmt":"2024-10-25T14:31:53","slug":"cfepodcast","status":"publish","type":"product","link":"https:\/\/eureka-tp.com\/fr\/product\/cfepodcast\/","title":{"rendered":"Replay : De l&#8217;Id\u00e9e au Micro !<br>Lancez Votre Podcast avec Impact"},"content":{"rendered":"<div class=\"pbs-main-wrapper\"><\/div>","protected":false},"excerpt":{"rendered":"<div class=\"fl-module fl-module-heading fl-node-3mpvyeqki078\" data-node=\"3mpvyeqki078\">\n<div class=\"fl-module-content fl-node-content\">\n<h2 class=\"fl-heading\"><span class=\"fl-heading-text\">REPLAY Classe Virtuelle anim\u00e9e par Christophe Peger Eureka !<\/span><\/h2>\n<div class=\"fl-module fl-module-heading fl-node-63cdajwrymxq\" data-node=\"63cdajwrymxq\">\n<div class=\"fl-module-content fl-node-content\">\n<p class=\"fl-heading\"><em><strong><span class=\"fl-heading-text\">Lancez Votre Podcast avec Impact<\/span><\/strong><\/em><\/p>\n<\/div>\n<\/div>\n<div class=\"fl-module fl-module-rich-text fl-node-9apykesg6xiw\" data-node=\"9apykesg6xiw\">\n<div class=\"fl-module-content fl-node-content\">\n<div class=\"fl-rich-text\">\n<p>Le podcast continue de gagner en popularit\u00e9, tant en France qu\u2019\u00e0 l\u2019international. Rien qu\u2019en France on recense environ\u00a0<strong>20 millions d&#8217;auditeurs de podcasts<\/strong>\u00a0chaque mois (Calliope Agency). Ce chiffre marque une nette progression par rapport \u00e0 2023, o\u00f9 environ\u00a0<strong>17,6 millions<\/strong>\u00a0de Fran\u00e7ais \u00e9coutaient des podcasts r\u00e9guli\u00e8rement.\u00a0 En 2024, le nombre d&#8217;auditeurs de podcasts dans le monde est estim\u00e9 \u00e0 environ\u00a0<strong>504,9 millions<\/strong>, compar\u00e9 \u00e0\u00a0<strong>464,7 millions<\/strong>\u00a0en 2023.<\/p>\n<p>Ce ph\u00e9nom\u00e8ne pr\u00e9sente une opportunit\u00e9 unique pour les formateurs et formatrices qui souhaitent partager leurs connaissances et exp\u00e9riences avec un public plus large.\u00a0 En participant \u00e0 cette classe virtuelle, vous rejoignez une dynamique en pleine croissance et donnez une nouvelle dimension \u00e0 vos comp\u00e9tences p\u00e9dagogiques.<\/p>\n<p>Cette classe virtuelle vous guide \u00e9tape par \u00e9tape pour passer de l&#8217;id\u00e9e \u00e0 la r\u00e9alisation de votre propre podcast avec impact.<\/p>\n<p><strong>Programme<\/strong>\u00a0:<\/p>\n<ul>\n<li><strong>Est-ce fait pour moi<\/strong>\u00a0(formateurs, formatrices, services de formation, etc.) ? Pourquoi se lancer dans le podcast alors que je partage d\u00e9j\u00e0 mes id\u00e9es sur les r\u00e9seaux sociaux ?<\/li>\n<li><strong>Comment cr\u00e9er son premier podcast ?<\/strong>\u00a0Quelles sont les \u00e9tapes essentielles de la cr\u00e9ation (r\u00e9daction, enregistrement, \u00e9dition) ?<\/li>\n<li><strong>Comment h\u00e9berger sa cha\u00eene et publier ses \u00e9pisodes<\/strong>\u00a0sur les plateformes de diffusion (Spotify, Apple Podcasts, etc.) ?<\/li>\n<\/ul>\n<\/div>\n<\/div>\n<\/div>\n<\/div>\n<\/div>\n<div class=\"fl-module fl-module-rich-text fl-node-tr4hs2y7gbfo\" data-node=\"tr4hs2y7gbfo\">\n<div class=\"fl-module-content fl-node-content\">\n<div class=\"fl-rich-text\">\n<p><em>.<\/em><\/p>\n<p>Notez que cette classe virtuelle est inclue dans l&#8217;abonnement de la Communaut\u00e9 des Formateurs Eureka !\u00a0 Si vous \u00eates un.e membre de la Communaut\u00e9 merci de visiter l\u2019espace \u00a0<strong>\u00ab Module Mensuel \u00bb<\/strong>.<\/p>\n<p><strong>Pour devenir membre de la Communaut\u00e9 des Formateurs Eureka !<\/strong>\u00a0et b\u00e9n\u00e9ficier de toutes les ressources et des formations de formateurs accessibles aux membres :<\/p>\n<ul>\n<li>Abonnement Annuel <a href=\"https:\/\/eureka-tp.com\/product\/cef-abonnement-annuel\/\" xlink=\"href\">https:\/\/eureka-tp.com\/product\/cef-abonnement-annuel\/<\/a><\/li>\n<li>Abonnement Mensuel <a href=\"https:\/\/eureka-tp.com\/product\/cef-abonnement-mensuel\/\" xlink=\"href\">https:\/\/eureka-tp.com\/product\/cef-abonnement-mensuel\/<\/a><\/li>\n<\/ul>\n<p>.<\/p>\n<\/div>\n<\/div>\n<\/div>\n","protected":false},"featured_media":46782,"template":"","meta":{"_genesis_hide_title":false,"_genesis_hide_breadcrumbs":false,"_genesis_hide_singular_image":false,"_genesis_hide_footer_widgets":false,"_genesis_custom_body_class":"","_genesis_custom_post_class":"","_genesis_layout":"","episode_type":"","audio_file":"","cover_image":"","cover_image_id":"","duration":"","filesize":"","date_recorded":"","explicit":"","block":"","itunes_episode_number":"","itunes_title":"","itunes_season_number":"","itunes_episode_type":"","filesize_raw":""},"product_cat":[197],"product_tag":[],"class_list":{"0":"post-46789","1":"product","2":"type-product","3":"status-publish","4":"has-post-thumbnail","6":"product_cat-club-formateurs","7":"entry"},"yoast_head":"<!-- This site is optimized with the Yoast SEO plugin v23.9 - https:\/\/yoast.com\/wordpress\/plugins\/seo\/ -->\n<title>Replay : De l&#039;Id\u00e9e au Micro !Lancez Votre Podcast avec Impact - Eureka - Train the Trainer<\/title>\n<meta name=\"robots\" content=\"index, follow, max-snippet:-1, max-image-preview:large, max-video-preview:-1\" \/>\n<link rel=\"canonical\" href=\"https:\/\/eureka-tp.com\/fr\/product\/cfepodcast\/\" \/>\n<meta property=\"og:locale\" content=\"fr_FR\" \/>\n<meta property=\"og:type\" content=\"article\" \/>\n<meta property=\"og:title\" content=\"Replay : De l&#039;Id\u00e9e au Micro !Lancez Votre Podcast avec Impact - Eureka - Train the Trainer\" \/>\n<meta property=\"og:description\" content=\"REPLAY Classe Virtuelle anim\u00e9e par Christophe Peger Eureka !   Lancez Votre Podcast avec Impact        Le podcast continue de gagner en popularit\u00e9, tant en France qu\u2019\u00e0 l\u2019international. Rien qu\u2019en France on recense environ\u00a020 millions d&#039;auditeurs de podcasts\u00a0chaque mois (Calliope Agency). Ce chiffre marque une nette progression par rapport \u00e0 2023, o\u00f9 environ\u00a017,6 millions\u00a0de Fran\u00e7ais \u00e9coutaient des podcasts r\u00e9guli\u00e8rement.\u00a0 En 2024, le nombre d&#039;auditeurs de podcasts dans le monde est estim\u00e9 \u00e0 environ\u00a0504,9 millions, compar\u00e9 \u00e0\u00a0464,7 millions\u00a0en 2023.  Ce ph\u00e9nom\u00e8ne pr\u00e9sente une opportunit\u00e9 unique pour les formateurs et formatrices qui souhaitent partager leurs connaissances et exp\u00e9riences avec un public plus large.\u00a0 En participant \u00e0 cette classe virtuelle, vous rejoignez une dynamique en pleine croissance et donnez une nouvelle dimension \u00e0 vos comp\u00e9tences p\u00e9dagogiques.  Cette classe virtuelle vous guide \u00e9tape par \u00e9tape pour passer de l&#039;id\u00e9e \u00e0 la r\u00e9alisation de votre propre podcast avec impact.  Programme\u00a0:   Est-ce fait pour moi\u00a0(formateurs, formatrices, services de formation, etc.) ? Pourquoi se lancer dans le podcast alors que je partage d\u00e9j\u00e0 mes id\u00e9es sur les r\u00e9seaux sociaux ?  Comment cr\u00e9er son premier podcast ?\u00a0Quelles sont les \u00e9tapes essentielles de la cr\u00e9ation (r\u00e9daction, enregistrement, \u00e9dition) ?  Comment h\u00e9berger sa cha\u00eene et publier ses \u00e9pisodes\u00a0sur les plateformes de diffusion (Spotify, Apple Podcasts, etc.) ?           .  Notez que cette classe virtuelle est inclue dans l&#039;abonnement de la Communaut\u00e9 des Formateurs Eureka !\u00a0 Si vous \u00eates un.e membre de la Communaut\u00e9 merci de visiter l\u2019espace \u00a0\u00ab Module Mensuel \u00bb.  Pour devenir membre de la Communaut\u00e9 des Formateurs Eureka !\u00a0et b\u00e9n\u00e9ficier de toutes les ressources et des formations de formateurs accessibles aux membres :   Abonnement Annuel https:\/\/eureka-tp.com\/product\/cef-abonnement-annuel\/  Abonnement Mensuel https:\/\/eureka-tp.com\/product\/cef-abonnement-mensuel\/  .\" \/>\n<meta property=\"og:url\" content=\"https:\/\/eureka-tp.com\/fr\/product\/cfepodcast\/\" \/>\n<meta property=\"og:site_name\" content=\"Eureka - Train the Trainer\" \/>\n<meta property=\"article:modified_time\" content=\"2024-10-25T14:31:53+00:00\" \/>\n<meta property=\"og:image\" content=\"https:\/\/eureka-tp.com\/wp-content\/uploads\/2024\/09\/LogoCV.jpg\" \/>\n\t<meta property=\"og:image:width\" content=\"733\" \/>\n\t<meta property=\"og:image:height\" content=\"490\" \/>\n\t<meta property=\"og:image:type\" content=\"image\/jpeg\" \/>\n<script type=\"application\/ld+json\" class=\"yoast-schema-graph\">{\"@context\":\"https:\/\/schema.org\",\"@graph\":[{\"@type\":\"WebPage\",\"@id\":\"https:\/\/eureka-tp.com\/fr\/product\/cfepodcast\/\",\"url\":\"https:\/\/eureka-tp.com\/fr\/product\/cfepodcast\/\",\"name\":\"Replay : De l'Id\u00e9e au Micro ! Lancez Votre Podcast avec Impact - Eureka - Train the Trainer\",\"isPartOf\":{\"@id\":\"https:\/\/eureka-tp.com\/#website\"},\"primaryImageOfPage\":{\"@id\":\"https:\/\/eureka-tp.com\/fr\/product\/cfepodcast\/#primaryimage\"},\"image\":{\"@id\":\"https:\/\/eureka-tp.com\/fr\/product\/cfepodcast\/#primaryimage\"},\"thumbnailUrl\":\"https:\/\/eureka-tp.com\/wp-content\/uploads\/2024\/09\/LogoCV.jpg\",\"datePublished\":\"2024-09-27T15:01:23+00:00\",\"dateModified\":\"2024-10-25T14:31:53+00:00\",\"breadcrumb\":{\"@id\":\"https:\/\/eureka-tp.com\/fr\/product\/cfepodcast\/#breadcrumb\"},\"inLanguage\":\"fr-FR\",\"potentialAction\":[{\"@type\":\"ReadAction\",\"target\":[\"https:\/\/eureka-tp.com\/fr\/product\/cfepodcast\/\"]}]},{\"@type\":\"ImageObject\",\"inLanguage\":\"fr-FR\",\"@id\":\"https:\/\/eureka-tp.com\/fr\/product\/cfepodcast\/#primaryimage\",\"url\":\"https:\/\/eureka-tp.com\/wp-content\/uploads\/2024\/09\/LogoCV.jpg\",\"contentUrl\":\"https:\/\/eureka-tp.com\/wp-content\/uploads\/2024\/09\/LogoCV.jpg\",\"width\":733,\"height\":490},{\"@type\":\"BreadcrumbList\",\"@id\":\"https:\/\/eureka-tp.com\/fr\/product\/cfepodcast\/#breadcrumb\",\"itemListElement\":[{\"@type\":\"ListItem\",\"position\":1,\"name\":\"Home\",\"item\":\"https:\/\/eureka-tp.com\/fr\/\"},{\"@type\":\"ListItem\",\"position\":2,\"name\":\"Replay : De l&#8217;Id\u00e9e au Micro !Lancez Votre Podcast avec Impact\"}]},{\"@type\":\"WebSite\",\"@id\":\"https:\/\/eureka-tp.com\/#website\",\"url\":\"https:\/\/eureka-tp.com\/\",\"name\":\"Eureka - Train the Trainer\",\"description\":\"Training for Trainers\",\"potentialAction\":[{\"@type\":\"SearchAction\",\"target\":{\"@type\":\"EntryPoint\",\"urlTemplate\":\"https:\/\/eureka-tp.com\/?s={search_term_string}\"},\"query-input\":{\"@type\":\"PropertyValueSpecification\",\"valueRequired\":true,\"valueName\":\"search_term_string\"}}],\"inLanguage\":\"fr-FR\"}]}<\/script>\n<!-- \/ Yoast SEO plugin. -->","yoast_head_json":{"title":"Replay : De l'Id\u00e9e au Micro !Lancez Votre Podcast avec Impact - Eureka - Train the Trainer","robots":{"index":"index","follow":"follow","max-snippet":"max-snippet:-1","max-image-preview":"max-image-preview:large","max-video-preview":"max-video-preview:-1"},"canonical":"https:\/\/eureka-tp.com\/fr\/product\/cfepodcast\/","og_locale":"fr_FR","og_type":"article","og_title":"Replay : De l'Id\u00e9e au Micro !Lancez Votre Podcast avec Impact - Eureka - Train the Trainer","og_description":"REPLAY Classe Virtuelle anim\u00e9e par Christophe Peger Eureka !   Lancez Votre Podcast avec Impact        Le podcast continue de gagner en popularit\u00e9, tant en France qu\u2019\u00e0 l\u2019international. Rien qu\u2019en France on recense environ\u00a020 millions d'auditeurs de podcasts\u00a0chaque mois (Calliope Agency). Ce chiffre marque une nette progression par rapport \u00e0 2023, o\u00f9 environ\u00a017,6 millions\u00a0de Fran\u00e7ais \u00e9coutaient des podcasts r\u00e9guli\u00e8rement.\u00a0 En 2024, le nombre d'auditeurs de podcasts dans le monde est estim\u00e9 \u00e0 environ\u00a0504,9 millions, compar\u00e9 \u00e0\u00a0464,7 millions\u00a0en 2023.  Ce ph\u00e9nom\u00e8ne pr\u00e9sente une opportunit\u00e9 unique pour les formateurs et formatrices qui souhaitent partager leurs connaissances et exp\u00e9riences avec un public plus large.\u00a0 En participant \u00e0 cette classe virtuelle, vous rejoignez une dynamique en pleine croissance et donnez une nouvelle dimension \u00e0 vos comp\u00e9tences p\u00e9dagogiques.  Cette classe virtuelle vous guide \u00e9tape par \u00e9tape pour passer de l'id\u00e9e \u00e0 la r\u00e9alisation de votre propre podcast avec impact.  Programme\u00a0:   Est-ce fait pour moi\u00a0(formateurs, formatrices, services de formation, etc.) ? Pourquoi se lancer dans le podcast alors que je partage d\u00e9j\u00e0 mes id\u00e9es sur les r\u00e9seaux sociaux ?  Comment cr\u00e9er son premier podcast ?\u00a0Quelles sont les \u00e9tapes essentielles de la cr\u00e9ation (r\u00e9daction, enregistrement, \u00e9dition) ?  Comment h\u00e9berger sa cha\u00eene et publier ses \u00e9pisodes\u00a0sur les plateformes de diffusion (Spotify, Apple Podcasts, etc.) ?           .  Notez que cette classe virtuelle est inclue dans l'abonnement de la Communaut\u00e9 des Formateurs Eureka !\u00a0 Si vous \u00eates un.e membre de la Communaut\u00e9 merci de visiter l\u2019espace \u00a0\u00ab Module Mensuel \u00bb.  Pour devenir membre de la Communaut\u00e9 des Formateurs Eureka !\u00a0et b\u00e9n\u00e9ficier de toutes les ressources et des formations de formateurs accessibles aux membres :   Abonnement Annuel https:\/\/eureka-tp.com\/product\/cef-abonnement-annuel\/  Abonnement Mensuel https:\/\/eureka-tp.com\/product\/cef-abonnement-mensuel\/  .","og_url":"https:\/\/eureka-tp.com\/fr\/product\/cfepodcast\/","og_site_name":"Eureka - Train the Trainer","article_modified_time":"2024-10-25T14:31:53+00:00","og_image":[{"width":733,"height":490,"url":"https:\/\/eureka-tp.com\/wp-content\/uploads\/2024\/09\/LogoCV.jpg","type":"image\/jpeg"}],"schema":{"@context":"https:\/\/schema.org","@graph":[{"@type":"WebPage","@id":"https:\/\/eureka-tp.com\/fr\/product\/cfepodcast\/","url":"https:\/\/eureka-tp.com\/fr\/product\/cfepodcast\/","name":"Replay : De l'Id\u00e9e au Micro ! Lancez Votre Podcast avec Impact - Eureka - Train the Trainer","isPartOf":{"@id":"https:\/\/eureka-tp.com\/#website"},"primaryImageOfPage":{"@id":"https:\/\/eureka-tp.com\/fr\/product\/cfepodcast\/#primaryimage"},"image":{"@id":"https:\/\/eureka-tp.com\/fr\/product\/cfepodcast\/#primaryimage"},"thumbnailUrl":"https:\/\/eureka-tp.com\/wp-content\/uploads\/2024\/09\/LogoCV.jpg","datePublished":"2024-09-27T15:01:23+00:00","dateModified":"2024-10-25T14:31:53+00:00","breadcrumb":{"@id":"https:\/\/eureka-tp.com\/fr\/product\/cfepodcast\/#breadcrumb"},"inLanguage":"fr-FR","potentialAction":[{"@type":"ReadAction","target":["https:\/\/eureka-tp.com\/fr\/product\/cfepodcast\/"]}]},{"@type":"ImageObject","inLanguage":"fr-FR","@id":"https:\/\/eureka-tp.com\/fr\/product\/cfepodcast\/#primaryimage","url":"https:\/\/eureka-tp.com\/wp-content\/uploads\/2024\/09\/LogoCV.jpg","contentUrl":"https:\/\/eureka-tp.com\/wp-content\/uploads\/2024\/09\/LogoCV.jpg","width":733,"height":490},{"@type":"BreadcrumbList","@id":"https:\/\/eureka-tp.com\/fr\/product\/cfepodcast\/#breadcrumb","itemListElement":[{"@type":"ListItem","position":1,"name":"Home","item":"https:\/\/eureka-tp.com\/fr\/"},{"@type":"ListItem","position":2,"name":"Replay : De l&#8217;Id\u00e9e au Micro !Lancez Votre Podcast avec Impact"}]},{"@type":"WebSite","@id":"https:\/\/eureka-tp.com\/#website","url":"https:\/\/eureka-tp.com\/","name":"Eureka - Train the Trainer","description":"Training for Trainers","potentialAction":[{"@type":"SearchAction","target":{"@type":"EntryPoint","urlTemplate":"https:\/\/eureka-tp.com\/?s={search_term_string}"},"query-input":{"@type":"PropertyValueSpecification","valueRequired":true,"valueName":"search_term_string"}}],"inLanguage":"fr-FR"}]}},"_links":{"self":[{"href":"https:\/\/eureka-tp.com\/fr\/wp-json\/wp\/v2\/product\/46789"}],"collection":[{"href":"https:\/\/eureka-tp.com\/fr\/wp-json\/wp\/v2\/product"}],"about":[{"href":"https:\/\/eureka-tp.com\/fr\/wp-json\/wp\/v2\/types\/product"}],"wp:featuredmedia":[{"embeddable":true,"href":"https:\/\/eureka-tp.com\/fr\/wp-json\/wp\/v2\/media\/46782"}],"wp:attachment":[{"href":"https:\/\/eureka-tp.com\/fr\/wp-json\/wp\/v2\/media?parent=46789"}],"wp:term":[{"taxonomy":"product_cat","embeddable":true,"href":"https:\/\/eureka-tp.com\/fr\/wp-json\/wp\/v2\/product_cat?post=46789"},{"taxonomy":"product_tag","embeddable":true,"href":"https:\/\/eureka-tp.com\/fr\/wp-json\/wp\/v2\/product_tag?post=46789"}],"curies":[{"name":"wp","href":"https:\/\/api.w.org\/{rel}","templated":true}]}}